{"id":53,"date":"2020-11-14T10:37:44","date_gmt":"2020-11-14T09:37:44","guid":{"rendered":"http:\/\/praxis2.doradus.de\/?page_id=53"},"modified":"2020-12-21T18:20:10","modified_gmt":"2020-12-21T17:20:10","slug":"akupunktur","status":"publish","type":"page","link":"https:\/\/www.hebammenpraxis-grow.de\/index.php\/akupunktur\/","title":{"rendered":"Akupunktur"},"content":{"rendered":"\n<h2><em>\u201eHilfe, Gleichgewicht, Einklang\u201c<\/em><\/h2>\n\n\n\n<p>Die Akupunktur ist eine ganzheitliche Therapieform, die nicht nur lokal an der Akupunkturstelle wirkt, sondern im gesamten K\u00f6rper.<\/p>\n\n\n\n<p>Durch die Reizsetzung, der Akupunkturnadeln, k\u00f6nnen gest\u00f6rte Funktionen im ganzen Organismus wieder in Einklang kommen. Das dadurch wiederhergestellte Gleichgewicht im K\u00f6rper erm\u00f6glicht Beschwerden zu heilen, funktionelle St\u00f6rungen zu beseitigen und die Energien zwischen verschiedenen K\u00f6rperregionen und Meridianverl\u00e4ufen werden ausgeglichen.<\/p>\n\n\n\n<figure class=\"wp-block-table\"><table class=\"has-subtle-light-gray-background-color has-background\"><tbody><tr><td class=\"has-text-align-center\" data-align=\"center\"><strong>Akupunktur in der Schwangerschaft<\/strong><\/td><td class=\"has-text-align-center\" data-align=\"center\"><strong>Akupunktur im Wochenbett<\/strong><\/td><\/tr><tr><td class=\"has-text-align-center\" data-align=\"center\">Sodbrennen und \u00dcbelkeit<br>Hyperemesis gravidarium<br>Karpaltunnelsyndrom<br>R\u00fcckenschmerzen<br>Begleitende \u00d6dem-Behandlung<br>Schlafst\u00f6rungen<br>Angst und Verspannungen<\/td><td class=\"has-text-align-center\" data-align=\"center\">R\u00fcckbildungsst\u00f6rungen <br>Milchstau<br>Begleitende Mastitis Behandlung<br>mangelnde Milchbildung<br>Obstipation<\/td><\/tr><\/tbody><\/table><\/figure>\n\n\n\n<p>Ab der 36. Schwangerschaftswoche biete ich <a href=\"https:\/\/www.hebammenpraxis-grow.de\/index.php\/akupunktur\/geburtsvorbereitende-akupunktur\/\" data-type=\"page\" data-id=\"151\">Geburtsvorbereitende Akupunktur<\/a> an.<\/p>\n\n\n\n<h2>Aku-Taping<\/h2>\n\n\n\n<p>Begleitend zur Akupunktur biete ich Aku- Taping an, ohne Verwendung von Nadeln. <\/p>\n\n\n\n<p>Die dehnbaren Tapes werden entlang von Meridianverl\u00e4ufen angebracht, wobei sich die Wirkung auch \u00fcber Bewegung ergibt. Es werden therapeutische Reize \u00fcber die Haut auf Muskeln, Sehnen, B\u00e4nder, Gelenke und Akupunkturpunkte \u00fcbertragen. Das Ziel von Aku-Taping ist die Wiederherstellung des korrekten und ruhigen Energieflusses im K\u00f6rper.<\/p>\n","protected":false},"excerpt":{"rendered":"<p>\u201eHilfe, Gleichgewicht, Einklang\u201c Die Akupunktur ist eine ganzheitliche Therapieform, die nicht nur lokal an der Akupunkturstelle wirkt, sondern im gesamten K\u00f6rper. Durch die Reizsetzung, der Akupunkturnadeln, k\u00f6nnen gest\u00f6rte Funktionen im ganzen Organismus wieder in Einklang kommen. Das dadurch wiederhergestellte Gleichgewicht im K\u00f6rper erm\u00f6glicht Beschwerden zu heilen, funktionelle St\u00f6rungen zu beseitigen und die Energien zwischen verschiedenen&#8230;<\/p>\n","protected":false},"author":2,"featured_media":477,"parent":0,"menu_order":2,"comment_status":"closed","ping_status":"closed","template":"nosidebar.php","meta":[],"_links":{"self":[{"href":"https:\/\/www.hebammenpraxis-grow.de\/index.php\/wp-json\/wp\/v2\/pages\/53"}],"collection":[{"href":"https:\/\/www.hebammenpraxis-grow.de\/index.php\/wp-json\/wp\/v2\/pages"}],"about":[{"href":"https:\/\/www.hebammenpraxis-grow.de\/index.php\/wp-json\/wp\/v2\/types\/page"}],"author":[{"embeddable":true,"href":"https:\/\/www.hebammenpraxis-grow.de\/index.php\/wp-json\/wp\/v2\/users\/2"}],"replies":[{"embeddable":true,"href":"https:\/\/www.hebammenpraxis-grow.de\/index.php\/wp-json\/wp\/v2\/comments?post=53"}],"version-history":[{"count":13,"href":"https:\/\/www.hebammenpraxis-grow.de\/index.php\/wp-json\/wp\/v2\/pages\/53\/revisions"}],"predecessor-version":[{"id":514,"href":"https:\/\/www.hebammenpraxis-grow.de\/index.php\/wp-json\/wp\/v2\/pages\/53\/revisions\/514"}],"wp:featuredmedia":[{"embeddable":true,"href":"https:\/\/www.hebammenpraxis-grow.de\/index.php\/wp-json\/wp\/v2\/media\/477"}],"wp:attachment":[{"href":"https:\/\/www.hebammenpraxis-grow.de\/index.php\/wp-json\/wp\/v2\/media?parent=53"}],"curies":[{"name":"wp","href":"https:\/\/api.w.org\/{rel}","templated":true}]}}